{"id":3855,"date":"2018-11-16T23:18:45","date_gmt":"2018-11-16T22:18:45","guid":{"rendered":"http:\/\/whisky-francais.com\/?page_id=3855"},"modified":"2025-06-21T08:29:51","modified_gmt":"2025-06-21T06:29:51","slug":"distillerie-de-fontagard","status":"publish","type":"page","link":"https:\/\/whisky-francais.com\/index.php\/distilleries\/distillerie-de-fontagard\/","title":{"rendered":"Distillerie de Fontagard"},"content":{"rendered":"<div class=\"page\" title=\"Page 1\">\n<div class=\"layoutArea\">\n<div class=\"column\">\n<p><img loading=\"lazy\" decoding=\"async\" data-attachment-id=\"3858\" data-permalink=\"https:\/\/whisky-francais.com\/index.php\/distilleries\/distillerie-de-fontagard\/p1010550-min\/\" data-orig-file=\"https:\/\/whisky-francais.com\/wp-content\/uploads\/2018\/11\/P1010550-min.jpg\" data-orig-size=\"4608,2592\" data-comments-opened=\"0\" data-image-meta=\"{&quot;aperture&quot;:&quot;0&quot;,&quot;credit&quot;:&quot;&quot;,&quot;camera&quot;:&quot;&quot;,&quot;caption&quot;:&quot;&quot;,&quot;created_timestamp&quot;:&quot;0&quot;,&quot;copyright&quot;:&quot;&quot;,&quot;focal_length&quot;:&quot;0&quot;,&quot;iso&quot;:&quot;0&quot;,&quot;shutter_speed&quot;:&quot;0&quot;,&quot;title&quot;:&quot;&quot;,&quot;orientation&quot;:&quot;0&quot;}\" data-image-title=\"Distillerie de Fontagard, France, Neuillac, Granch\u00e8re, Adrien Granch\u00e8re, alambic, charentais, chai, cognac, whisky Fran\u00e7ais, d\u00e9gustation , Paris, Matthieu Acar, Lilya Sekkal, Xavier Brevet, Matthieu Acar\" data-image-description=\"&lt;p&gt;Distillerie de Fontagard, France, Neuillac, Granch\u00e8re, Adrien Granch\u00e8re, alambic, charentais, chai, cognac, whisky Fran\u00e7ais, d\u00e9gustation , Paris, Matthieu Acar, Lilya Sekkal, Xavier Brevet, Matthieu Acar&lt;\/p&gt;\n\" data-image-caption=\"&lt;p&gt;Distillerie de Fontagard, France, Neuillac, Granch\u00e8re, Adrien Granch\u00e8re, alambic, charentais, chai, cognac, whisky Fran\u00e7ais, d\u00e9gustation , Paris, Matthieu Acar, Lilya Sekkal, Xavier Brevet, Matthieu Acar&lt;\/p&gt;\n\" data-medium-file=\"https:\/\/whisky-francais.com\/wp-content\/uploads\/2018\/11\/P1010550-min-300x169.jpg\" data-large-file=\"https:\/\/whisky-francais.com\/wp-content\/uploads\/2018\/11\/P1010550-min-1024x576.jpg\" class=\"alignnone wp-image-3858 size-full\" src=\"https:\/\/whisky-francais.com\/wp-content\/uploads\/2018\/11\/P1010550-min.jpg\" alt=\"\" width=\"4608\" height=\"2592\" srcset=\"https:\/\/whisky-francais.com\/wp-content\/uploads\/2018\/11\/P1010550-min.jpg 4608w, https:\/\/whisky-francais.com\/wp-content\/uploads\/2018\/11\/P1010550-min-300x169.jpg 300w, https:\/\/whisky-francais.com\/wp-content\/uploads\/2018\/11\/P1010550-min-768x432.jpg 768w, https:\/\/whisky-francais.com\/wp-content\/uploads\/2018\/11\/P1010550-min-1024x576.jpg 1024w\" sizes=\"(max-width: 4608px) 100vw, 4608px\" \/><\/p>\n<p>La distillerie de Fontagard est l\u2019\u0153uvre de 4 ge\u0301ne\u0301rations de bouilleurs de profession. Son travail, re\u0301solument axe\u0301 sur la mise en avant de son terroir, s\u2019appuie e\u0301galement sur sa volonte\u0301 de contribuer au de\u0301veloppement local via son engagement dans la valorisation de l\u2019e\u0301nergie et la pre\u0301servation de l\u2019environnement : <em>\u00ab nous favorisons les circuits courts. \u00bb Adrien Granche\u0300re.<\/em><\/p>\n<table style=\"width: 100%;\">\n<tbody>\n<tr>\n<td style=\"width: 16.3636%;\">Statut<\/td>\n<td style=\"width: 83.0682%;\">Production en cours<\/td>\n<\/tr>\n<tr>\n<td style=\"width: 16.3636%;\">Localisation<\/td>\n<td style=\"width: 83.0682%;\">\n<div class=\"page\" title=\"Page 1\">\n<div class=\"section\">\n<div class=\"layoutArea\">\n<div class=\"column\">\n<p>1 Route de la Voie Romaine, 17520 Neuillac<\/p>\n<\/div>\n<\/div>\n<\/div>\n<\/div>\n<\/td>\n<\/tr>\n<tr>\n<td style=\"width: 16.3636%;\">\n<div class=\"page\" title=\"Page 1\">\n<div class=\"section\">\n<div class=\"layoutArea\">\n<div class=\"column\">\n<p>Vol. Production<\/p>\n<\/div>\n<\/div>\n<\/div>\n<\/div>\n<\/td>\n<td style=\"width: 83.0682%;\">\n<div class=\"page\" title=\"Page 1\">\n<div class=\"section\">\n<div class=\"layoutArea\">\n<div class=\"column\">\n<p>Entre 5000 et 6000hl d\u2019alcool pur sont produits en 6 mois.<\/p>\n<\/div>\n<\/div>\n<\/div>\n<\/div>\n<\/td>\n<\/tr>\n<tr>\n<td style=\"width: 16.3636%;\">Dates Cl\u00e9s<\/td>\n<td style=\"width: 83.0682%;\">\n<div class=\"page\" title=\"Page 1\">\n<div class=\"section\">\n<div class=\"layoutArea\">\n<div class=\"column\">\n<p><strong>1870<\/strong> : Fondation de la distillerie. Elle se spe\u0301cialise dans la production de Cognac (elle fournit notamment les maisons Re\u0301my Martin et Courvoisier) et traverse les ge\u0301ne\u0301rations.<\/p>\n<p><strong>2015<\/strong> : 1ers tests mene\u0301s sur la production de whisky.<\/p>\n<p>2016 : la distillerie inte\u0300gre la production d\u2019autres spiritueux a\u0300 fac\u0327on tels que le Gin, l\u2019Aquavit et le Rhum.<\/p>\n<p><strong>2017<\/strong> : <strong>Lancement de la production de whisky<\/strong> sous l\u2019impulsion de la 4e\u0300me ge\u0301ne\u0301ration.<\/p>\n<p><strong>2021<\/strong> : Premi\u00e8re commercialisation de whisky. Cette ann\u00e9e, Fontagard rach\u00e8te des \u00e9quipements allemands de brassage datant d\u2019il y a plus d\u2019un si\u00e8cle !<\/p>\n<p><strong>2023<\/strong> : Mise en route de la brasserie. Toutes les cuves sont en cuivre et le brassage se fait sans aucune assistance \u00e9lectronique.<\/p>\n<\/div>\n<\/div>\n<\/div>\n<\/div>\n<\/td>\n<\/tr>\n<tr>\n<td style=\"width: 16.3636%;\">Personnages Cl\u00e9s<\/td>\n<td style=\"width: 83.0682%;\">\n<div class=\"page\" title=\"Page 1\">\n<div class=\"section\">\n<div class=\"layoutArea\">\n<div class=\"column\">\n<p><strong>Ernest Granche\u0300re<\/strong> : fondateur, il installe le premier alambic.<\/p>\n<p><strong>Marie-The\u0301re\u0300se Granche\u0300re<\/strong> : auparavant directrice de la distillerie, elle a grandement contribue\u0301 a\u0300 son essor.<\/p>\n<p><strong>Dominique Granche\u0300re<\/strong> : repre\u0301sentant la 3e\u0300me ge\u0301ne\u0301ration a\u0300 la te\u0302te de la distillerie, on lui doit la modernisation des installations et la croissance de l\u2019activite\u0301.<\/p>\n<p><strong>Adrien Granche\u0300re<\/strong> : 4e\u0300me ge\u0301ne\u0301ration. Il est a\u0300 l\u2019origine de la production de whisky !<\/p>\n<p><strong>Richard Lambert : <\/strong>Associ\u00e9 d\u2019Adrien depuis la premi\u00e8re heure, il est \u00e9galement \u00e0 l\u2019origine du projet et s\u2019occupe du d\u00e9veloppement commercial.<\/p>\n<\/div>\n<\/div>\n<\/div>\n<\/div>\n<\/td>\n<\/tr>\n<tr>\n<td style=\"width: 16.3636%;\">Gamme<\/td>\n<td style=\"width: 83.0682%;\">\n<div class=\"page\" title=\"Page 1\">\n<div class=\"section\">\n<div class=\"layoutArea\">\n<div class=\"column\">\n<p><strong><span style=\"font-family: inherit; font-size: inherit;\">CGNC 9918-5 : <\/span><\/strong>CGNC est l\u2019expression de r\u00e9f\u00e9rence de la distillerie. Issu d\u2019une orge d\u2019antan (Orge 6RH) et \u00e9lev\u00e9e en f\u00fbts de Bourbon et de Cognac<\/p>\n<p><strong>PNDC 9918-9 : <\/strong>PDNC est une des expressions locales de la distillerie. Orge 6RH \u00e9lev\u00e9e en f\u00fbts de Bourbon, de Cognac et de<strong> Pineau des Charentes<\/strong>.<\/p>\n<p><strong>STRN 9918-8 : <\/strong>Pour STRN, Adrien a souhait\u00e9 souligner l\u2019excellence des vignerons r\u00e9gionaux. Le distillat de l\u2019orge 6RH est \u00e9lev\u00e9e dans de tr\u00e8s vieux Cognac et du <strong>Sauternes<\/strong>.<\/p>\n<p><img loading=\"lazy\" decoding=\"async\" data-attachment-id=\"6178\" data-permalink=\"https:\/\/whisky-francais.com\/index.php\/distilleries\/distillerie-de-fontagard\/whisky-francais-fontagard-single-malt\/\" data-orig-file=\"https:\/\/whisky-francais.com\/wp-content\/uploads\/2021\/11\/whisky-francais-fontagard-single-malt.jpg\" data-orig-size=\"414,258\" data-comments-opened=\"0\" data-image-meta=\"{&quot;aperture&quot;:&quot;0&quot;,&quot;credit&quot;:&quot;&quot;,&quot;camera&quot;:&quot;&quot;,&quot;caption&quot;:&quot;&quot;,&quot;created_timestamp&quot;:&quot;0&quot;,&quot;copyright&quot;:&quot;&quot;,&quot;focal_length&quot;:&quot;0&quot;,&quot;iso&quot;:&quot;0&quot;,&quot;shutter_speed&quot;:&quot;0&quot;,&quot;title&quot;:&quot;&quot;,&quot;orientation&quot;:&quot;0&quot;}\" data-image-title=\"whisky francais fontagard single malt\" data-image-description=\"\" data-image-caption=\"\" data-medium-file=\"https:\/\/whisky-francais.com\/wp-content\/uploads\/2021\/11\/whisky-francais-fontagard-single-malt-300x187.jpg\" data-large-file=\"https:\/\/whisky-francais.com\/wp-content\/uploads\/2021\/11\/whisky-francais-fontagard-single-malt.jpg\" class=\"alignnone size-full wp-image-6178\" src=\"https:\/\/whisky-francais.com\/wp-content\/uploads\/2021\/11\/whisky-francais-fontagard-single-malt.jpg\" alt=\"\" width=\"414\" height=\"258\" srcset=\"https:\/\/whisky-francais.com\/wp-content\/uploads\/2021\/11\/whisky-francais-fontagard-single-malt.jpg 414w, https:\/\/whisky-francais.com\/wp-content\/uploads\/2021\/11\/whisky-francais-fontagard-single-malt-300x187.jpg 300w\" sizes=\"(max-width: 414px) 100vw, 414px\" \/><\/p>\n<p><strong>DMGR 9918-11<\/strong> : Vieillissement dans des f\u00fbts de ch\u00eane fran\u00e7ais ayant contenu, entre autres, du cognac et de grands vins de Bordeaux.<\/p>\n<p><strong>STEM 9920-2 :<\/strong> Vieillissement dans des f\u00fbts de ch\u00eane fran\u00e7ais ayant contenu, notamment, de tr\u00e8s vieux Cognacs ainsi que de grands vins de Saint-\u00c9milion.<\/p>\n<p><strong>TORB 9121-1 :<\/strong> Malt tourb\u00e9 lev\u00e9 dans des f\u00fbts neufs (US Char 3.)<\/p>\n<p><strong>LMBR 9918-4 :<\/strong> Orge d\u00e9licatement tourb\u00e9e. Elev\u00e9 en f\u00fbt neuf (ch\u00eane du limousin), f\u00fbt de Bourbon, de Sauternes et de Cognac.<\/p>\n<p><strong>LUNR 9921-6 :<\/strong> Elevage en f\u00fbt de cognac (3 ans) puis 8 mois en globe de verre expos\u00e9 a 8 la lumi\u00e8re de 8 lunes<\/p>\n<\/div>\n<\/div>\n<\/div>\n<\/div>\n<\/td>\n<\/tr>\n<tr>\n<td style=\"width: 16.3636%;\">Eau<\/td>\n<td style=\"width: 83.0682%;\">\n<div class=\"page\" title=\"Page 1\">\n<div class=\"section\">\n<div class=\"layoutArea\">\n<div class=\"column\">\n<p>La distillerie dispose d\u2019un forage et travaille en circuit ferme\u0301 :<\/p>\n<blockquote><p>\u00ab En de\u0301but de campagne, nous mettons le syste\u0300me en eau et travaillons avec l\u2019anne\u0301e durant. \u00bb A. G.<\/p><\/blockquote>\n<\/div>\n<\/div>\n<div class=\"layoutArea\">\n<div class=\"column\">\n<p><strong>Eau de Coupe<\/strong> : eau de source de\u0301ionise\u0301e et osmose\u0301e.<\/p>\n<\/div>\n<\/div>\n<\/div>\n<\/div>\n<\/td>\n<\/tr>\n<tr>\n<td style=\"width: 16.3636%;\">C\u00e9r\u00e9ales<\/td>\n<td style=\"width: 83.0682%;\">\n<div class=\"page\" title=\"Page 1\">\n<div class=\"page\" title=\"Page 1\">\n<div class=\"section\">\n<div class=\"layoutArea\">\n<div class=\"column\">\n<p>Origine: France.<\/p>\n<blockquote><p><span style=\"font-family: inherit; font-size: inherit;\"><em>\u00ab\u00a0<\/em>Nous avons plante\u0301 20ha d\u2019orge en 2018 et produirons avec celle-ci de\u0300s 2019. Nous travaillons e\u0301galement avec un po\u0302le d\u2019agriculteur afin de valoriser leurs re\u0301coltes. <strong>La se\u0301lection d\u2019orge locale avec fourniture d\u2019anciennes semences est en cours.<\/strong>\u00a0<\/span><em style=\"font-family: inherit; font-size: inherit;\">\u00bb\u00a0<\/em><span style=\"font-family: inherit; font-size: inherit;\">A. G.\u00a0<\/span><\/p><\/blockquote>\n<\/div>\n<\/div>\n<\/div>\n<\/div>\n<\/div>\n<\/td>\n<\/tr>\n<tr>\n<td style=\"width: 16.3636%;\">Brassage \/ Maltage<\/td>\n<td style=\"width: 83.0682%;\">\u00a0R\u00e9alis\u00e9 en France.<\/p>\n<div class=\"page\" title=\"Page 2\">\n<div class=\"section\">\n<div class=\"layoutArea\">\n<div class=\"column\">\n<blockquote><p>\u00ab Nous travaillons sur l\u2019ouverture d\u2019une malterie locale et lanc\u0327ons une brasserie de\u0300s 2019. \u00bb A. G.<\/p><\/blockquote>\n<\/div>\n<\/div>\n<\/div>\n<\/div>\n<\/td>\n<\/tr>\n<tr>\n<td style=\"width: 16.3636%;\">Alambics<\/td>\n<td style=\"width: 83.0682%;\"><strong>11 alambics Charentais.<\/strong><\/td>\n<\/tr>\n<tr>\n<td style=\"width: 16.3636%;\">Distillation<\/td>\n<td style=\"width: 83.0682%;\">\n<div class=\"page\" title=\"Page 2\">\n<div class=\"section\">\n<div class=\"layoutArea\">\n<div class=\"column\">\n<blockquote><p>\u00ab Il y a deux pe\u0301riodes de 15 jours dans l\u2019anne\u0301e ou\u0300 nous distillons du whisky. \u00bb<br \/>\nA. G.<\/p><\/blockquote>\n<p>Chauffe a\u0300 feu nu. Une chauffe dure 12 heures.<\/p>\n<blockquote><p>\u00ab Les 1e\u0300res chauffes se font de nuit, les bonnes-chauffes de jour. \u00bb A. G.<\/p><\/blockquote>\n<p><strong>L\u2019eau-de-vie de ce\u0301re\u0301ale titre entre 73 et 74\u00b0.<\/strong><\/p>\n<div class=\"page\" title=\"Page 2\">\n<div class=\"section\">\n<div class=\"layoutArea\">\n<div class=\"column\">\n<blockquote><p><strong>\u00ab La petite chaudie\u0300re est la meilleure pour la production de whisky.<\/strong> La re\u0301gulation de l\u2019eau de la pipe est manuelle et plus fonctionnelle. Il y a un grand respect des couches de chaleur dans le tri des esters. Toutes les ope\u0301rations sont faites a\u0300 la main. Nous produisons 350L par chauffe avec cet alambic \u00bb. A. G.<\/p><\/blockquote>\n<p>En haute saison, ce sont trois distillateurs qui se relaient sur place par garde de 24h. A\u0300 ces trois personnes s\u2019ajoutent les pre\u0301sences d\u2019Adrien et de deux autres membres de la famille.<\/p>\n<\/div>\n<\/div>\n<\/div>\n<\/div>\n<\/div>\n<\/div>\n<\/div>\n<\/div>\n<\/td>\n<\/tr>\n<tr>\n<td style=\"width: 16.3636%;\">Chai \/<br \/>\nVieillissement<\/td>\n<td style=\"width: 83.0682%;\">\n<div class=\"page\" title=\"Page 2\">\n<div class=\"section\">\n<div class=\"layoutArea\">\n<div class=\"column\">\n<div class=\"page\" title=\"Page 2\">\n<div class=\"section\">\n<div class=\"layoutArea\">\n<div class=\"column\">\n<ul>\n<li><strong>Un chai sec<\/strong><\/li>\n<li><span style=\"font-family: inherit; font-size: inherit;\"><strong>Un chai humide<\/strong> (pre\u0301fe\u0301re\u0301 pour le vieillissement du whisky).<\/span><\/li>\n<\/ul>\n<p style=\"font-family: inherit; font-size: inherit;\"><span style=\"font-family: inherit; font-size: inherit;\">Deux nouveaux chais sont en construction.<\/span><\/p>\n<blockquote>\n<p style=\"font-family: inherit; font-size: inherit;\">\u00ab L\u2019ide\u0301e est de re\u0301duire le whisky 1 a\u0300 2 fois par an a\u0300 hauteur maximum de 9%. L\u2019objectif est d\u2019atteindre une eau de vie titrant 55% avant re\u0301duction. \u00bb A. G.<\/p>\n<\/blockquote>\n<\/div>\n<\/div>\n<\/div>\n<\/div>\n<\/div>\n<\/div>\n<\/div>\n<\/div>\n<\/td>\n<\/tr>\n<tr>\n<td style=\"width: 16.3636%;\">F\u00fbts<\/td>\n<td style=\"width: 83.0682%;\">\n<div class=\"page\" title=\"Page 2\">\n<div class=\"section\">\n<div class=\"layoutArea\">\n<div class=\"column\">\n<div class=\"page\" title=\"Page 2\">\n<div class=\"section\">\n<div class=\"layoutArea\">\n<div class=\"column\">\n<div class=\"page\" title=\"Page 3\">\n<div class=\"section\">\n<div class=\"layoutArea\">\n<div class=\"column\">\n<ul>\n<li>Ex fu\u0302ts de <strong>Cognac<\/strong><\/li>\n<li>Ex fu\u0302ts de Bourbon<\/li>\n<li>Ex fu\u0302ts de Montenegro<\/li>\n<li>Ex fu\u0302ts d\u2019Armagnac<\/li>\n<li><strong>Fu\u0302ts neufs a\u0300 gros grain<\/strong><\/li>\n<li><strong>Fu\u0302ts neufs a\u0300 grains fins<\/strong><\/li>\n<\/ul>\n<p>Contenance des fu\u0302ts : 200, 290, 300 et 400L.<\/p>\n<\/div>\n<\/div>\n<\/div>\n<\/div>\n<\/div>\n<\/div>\n<\/div>\n<\/div>\n<\/div>\n<\/div>\n<\/div>\n<\/div>\n<\/td>\n<\/tr>\n<tr>\n<td style=\"width: 16.3636%;\">Donn\u00e9es Territoriales<\/td>\n<td style=\"width: 83.0682%;\">\n<div class=\"page\" title=\"Page 2\">\n<div class=\"section\">\n<div class=\"layoutArea\">\n<div class=\"column\">\n<div class=\"page\" title=\"Page 2\">\n<div class=\"section\">\n<div class=\"layoutArea\">\n<div class=\"column\">\n<div class=\"page\" title=\"Page 3\">\n<div class=\"section\">\n<div class=\"layoutArea\">\n<div class=\"column\">\n<div class=\"page\" title=\"Page 3\">\n<div class=\"section\">\n<div class=\"layoutArea\">\n<div class=\"column\">\n<p><strong>Climat<\/strong> : oce\u0301anique chaud<\/p>\n<p><strong>Altitude<\/strong> : 36 me\u0300tres<\/p>\n<\/div>\n<\/div>\n<\/div>\n<\/div>\n<\/div>\n<\/div>\n<\/div>\n<\/div>\n<\/div>\n<\/div>\n<\/div>\n<\/div>\n<\/div>\n<\/div>\n<\/div>\n<\/div>\n<\/td>\n<\/tr>\n<tr>\n<td style=\"width: 16.3636%;\">\n<div class=\"page\" title=\"Page 3\">\n<div class=\"section\">\n<div class=\"layoutArea\">\n<div class=\"column\">\n<p>Site Internet<\/p>\n<\/div>\n<\/div>\n<\/div>\n<\/div>\n<\/td>\n<td style=\"width: 83.0682%;\">\n<div class=\"page\" title=\"Page 2\">\n<div class=\"section\">\n<div class=\"layoutArea\">\n<div class=\"column\">\n<div class=\"page\" title=\"Page 2\">\n<div class=\"section\">\n<div class=\"layoutArea\">\n<div class=\"column\">\n<div class=\"page\" title=\"Page 3\">\n<div class=\"section\">\n<div class=\"layoutArea\">\n<div class=\"column\">\n<div class=\"page\" title=\"Page 3\">\n<div class=\"section\">\n<div class=\"layoutArea\">\n<div class=\"column\"><a href=\"https:\/\/www.fontagard.com\/\" target=\"_blank\" rel=\"noopener\">https:\/\/www.fontagard.com\/<\/a><\/div>\n<\/div>\n<\/div>\n<\/div>\n<\/div>\n<\/div>\n<\/div>\n<\/div>\n<\/div>\n<\/div>\n<\/div>\n<\/div>\n<\/div>\n<\/div>\n<\/div>\n<\/div>\n<\/td>\n<\/tr>\n<tr>\n<td style=\"width: 16.3636%;\"><\/td>\n<td style=\"width: 83.0682%;\">\n<div class=\"page\" title=\"Page 2\">\n<div class=\"section\">\n<div class=\"layoutArea\">\n<div class=\"column\">\n<div class=\"page\" title=\"Page 2\">\n<div class=\"section\">\n<div class=\"layoutArea\">\n<div class=\"column\">\n<div class=\"page\" title=\"Page 3\">\n<div class=\"section\">\n<div class=\"layoutArea\">\n<div class=\"column\">\n<div class=\"page\" title=\"Page 3\">\n<div class=\"section\">\n<div class=\"layoutArea\">\n<div class=\"column\">\n<div class=\"page\" title=\"Page 3\">\n<div class=\"section\">\n<div class=\"layoutArea\">\n<div class=\"column\">\n<p>Parmi les nombreux projets mene\u0301s par la distillerie en faveur de la pre\u0301servation de l\u2019environnement, nous citerons :<\/p>\n<ul>\n<li>La plantation d\u2019une bambouseraie en cours afin de traiter les eaux.<\/li>\n<li>Le travail sur la norme ISO 22000 HACCP pour le whisky (NB: la distillerie est d\u00e9j\u00e0 certifi\u00e9e ISO 22000 sur les Cognacs).<\/li>\n<li>La mise en place d\u2019un syste\u0300me de ge\u0301othermie valorisant les eaux chaudes de la distillerie.<\/li>\n<\/ul>\n<\/div>\n<\/div>\n<\/div>\n<\/div>\n<\/div>\n<\/div>\n<\/div>\n<\/div>\n<\/div>\n<\/div>\n<\/div>\n<\/div>\n<\/div>\n<\/div>\n<\/div>\n<\/div>\n<\/div>\n<\/div>\n<\/div>\n<\/div>\n<\/td>\n<\/tr>\n<\/tbody>\n<\/table>\n<figure id=\"attachment_3859\" aria-describedby=\"caption-attachment-3859\" style=\"width: 4608px\" class=\"wp-caption aligncenter\"><img loading=\"lazy\" decoding=\"async\" data-attachment-id=\"3859\" data-permalink=\"https:\/\/whisky-francais.com\/index.php\/distilleries\/distillerie-de-fontagard\/p1010453-min\/\" data-orig-file=\"https:\/\/whisky-francais.com\/wp-content\/uploads\/2018\/11\/P1010453-min.jpg\" data-orig-size=\"4608,2592\" data-comments-opened=\"0\" data-image-meta=\"{&quot;aperture&quot;:&quot;0&quot;,&quot;credit&quot;:&quot;&quot;,&quot;camera&quot;:&quot;&quot;,&quot;caption&quot;:&quot;&quot;,&quot;created_timestamp&quot;:&quot;0&quot;,&quot;copyright&quot;:&quot;&quot;,&quot;focal_length&quot;:&quot;0&quot;,&quot;iso&quot;:&quot;0&quot;,&quot;shutter_speed&quot;:&quot;0&quot;,&quot;title&quot;:&quot;&quot;,&quot;orientation&quot;:&quot;0&quot;}\" data-image-title=\"Distillerie de Fontagard, France, Neuillac, Granch\u00e8re, Adrien Granch\u00e8re, alambic, charentais, chai, cognac, whisky Fran\u00e7ais, d\u00e9gustation , Paris, Matthieu Acar, Lilya Sekkal, Xavier Brevet, Matthieu Acar\" data-image-description=\"&lt;p&gt;Distillerie de Fontagard, France, Neuillac, Granch\u00e8re, Adrien Granch\u00e8re, alambic, charentais, chai, cognac, whisky Fran\u00e7ais, d\u00e9gustation , Paris, Matthieu Acar, Lilya Sekkal, Xavier Brevet, Matthieu Acar&lt;\/p&gt;\n\" data-image-caption=\"&lt;p&gt;Distillerie de Fontagard, France, Neuillac, Granch\u00e8re, Adrien Granch\u00e8re, alambic, charentais, chai, cognac, whisky Fran\u00e7ais, d\u00e9gustation , Paris, Matthieu Acar, Lilya Sekkal, Xavier Brevet, Matthieu Acar&lt;\/p&gt;\n\" data-medium-file=\"https:\/\/whisky-francais.com\/wp-content\/uploads\/2018\/11\/P1010453-min-300x169.jpg\" data-large-file=\"https:\/\/whisky-francais.com\/wp-content\/uploads\/2018\/11\/P1010453-min-1024x576.jpg\" class=\"wp-image-3859 size-full\" src=\"https:\/\/whisky-francais.com\/wp-content\/uploads\/2018\/11\/P1010453-min.jpg\" alt=\"\" width=\"4608\" height=\"2592\" srcset=\"https:\/\/whisky-francais.com\/wp-content\/uploads\/2018\/11\/P1010453-min.jpg 4608w, https:\/\/whisky-francais.com\/wp-content\/uploads\/2018\/11\/P1010453-min-300x169.jpg 300w, https:\/\/whisky-francais.com\/wp-content\/uploads\/2018\/11\/P1010453-min-768x432.jpg 768w, https:\/\/whisky-francais.com\/wp-content\/uploads\/2018\/11\/P1010453-min-1024x576.jpg 1024w\" sizes=\"(max-width: 4608px) 100vw, 4608px\" \/><figcaption id=\"caption-attachment-3859\" class=\"wp-caption-text\">Adrien Granch\u00e8re et David Chemin (distillateur) &#8211; Contr\u00f4le en cours de distillation. <em>Cr\u00e9dit Photo: Kenji Meunier.<\/em><\/figcaption><\/figure>\n<figure id=\"attachment_3861\" aria-describedby=\"caption-attachment-3861\" style=\"width: 4608px\" class=\"wp-caption aligncenter\"><img loading=\"lazy\" decoding=\"async\" data-attachment-id=\"3861\" data-permalink=\"https:\/\/whisky-francais.com\/index.php\/distilleries\/distillerie-de-fontagard\/p1010433-min\/\" data-orig-file=\"https:\/\/whisky-francais.com\/wp-content\/uploads\/2018\/11\/P1010433-min.jpg\" data-orig-size=\"4608,2592\" data-comments-opened=\"0\" data-image-meta=\"{&quot;aperture&quot;:&quot;0&quot;,&quot;credit&quot;:&quot;&quot;,&quot;camera&quot;:&quot;&quot;,&quot;caption&quot;:&quot;&quot;,&quot;created_timestamp&quot;:&quot;0&quot;,&quot;copyright&quot;:&quot;&quot;,&quot;focal_length&quot;:&quot;0&quot;,&quot;iso&quot;:&quot;0&quot;,&quot;shutter_speed&quot;:&quot;0&quot;,&quot;title&quot;:&quot;&quot;,&quot;orientation&quot;:&quot;0&quot;}\" data-image-title=\"Distillerie de Fontagard, France, Neuillac, Granch\u00e8re, Adrien Granch\u00e8re, alambic, charentais, chai, cognac, whisky Fran\u00e7ais, d\u00e9gustation , Paris, Matthieu Acar, Lilya Sekkal, Xavier Brevet, Matthieu Acar\" data-image-description=\"&lt;p&gt;Distillerie de Fontagard, France, Neuillac, Granch\u00e8re, Adrien Granch\u00e8re, alambic, charentais, chai, cognac, whisky Fran\u00e7ais, d\u00e9gustation , Paris, Matthieu Acar, Lilya Sekkal, Xavier Brevet, Matthieu Acar&lt;\/p&gt;\n\" data-image-caption=\"&lt;p&gt;Distillerie de Fontagard, France, Neuillac, Granch\u00e8re, Adrien Granch\u00e8re, alambic, charentais, chai, cognac, whisky Fran\u00e7ais, d\u00e9gustation , Paris, Matthieu Acar, Lilya Sekkal, Xavier Brevet, Matthieu Acar&lt;\/p&gt;\n\" data-medium-file=\"https:\/\/whisky-francais.com\/wp-content\/uploads\/2018\/11\/P1010433-min-300x169.jpg\" data-large-file=\"https:\/\/whisky-francais.com\/wp-content\/uploads\/2018\/11\/P1010433-min-1024x576.jpg\" class=\"wp-image-3861 size-full\" src=\"https:\/\/whisky-francais.com\/wp-content\/uploads\/2018\/11\/P1010433-min.jpg\" alt=\"\" width=\"4608\" height=\"2592\" srcset=\"https:\/\/whisky-francais.com\/wp-content\/uploads\/2018\/11\/P1010433-min.jpg 4608w, https:\/\/whisky-francais.com\/wp-content\/uploads\/2018\/11\/P1010433-min-300x169.jpg 300w, https:\/\/whisky-francais.com\/wp-content\/uploads\/2018\/11\/P1010433-min-768x432.jpg 768w, https:\/\/whisky-francais.com\/wp-content\/uploads\/2018\/11\/P1010433-min-1024x576.jpg 1024w\" sizes=\"(max-width: 4608px) 100vw, 4608px\" \/><figcaption id=\"caption-attachment-3861\" class=\"wp-caption-text\">Distillat en sortie d&rsquo;alambic &#8211; Naissance d&rsquo;un futur Whisky ! <em>Cr\u00e9dit Photo: Kenji Meunier.<\/em><\/figcaption><\/figure>\n<figure id=\"attachment_3867\" aria-describedby=\"caption-attachment-3867\" style=\"width: 4608px\" class=\"wp-caption aligncenter\"><img loading=\"lazy\" decoding=\"async\" data-attachment-id=\"3867\" data-permalink=\"https:\/\/whisky-francais.com\/index.php\/distilleries\/distillerie-de-fontagard\/p1010442-min\/\" data-orig-file=\"https:\/\/whisky-francais.com\/wp-content\/uploads\/2018\/11\/P1010442-min.jpg\" data-orig-size=\"4608,2592\" data-comments-opened=\"0\" data-image-meta=\"{&quot;aperture&quot;:&quot;0&quot;,&quot;credit&quot;:&quot;&quot;,&quot;camera&quot;:&quot;&quot;,&quot;caption&quot;:&quot;&quot;,&quot;created_timestamp&quot;:&quot;0&quot;,&quot;copyright&quot;:&quot;&quot;,&quot;focal_length&quot;:&quot;0&quot;,&quot;iso&quot;:&quot;0&quot;,&quot;shutter_speed&quot;:&quot;0&quot;,&quot;title&quot;:&quot;&quot;,&quot;orientation&quot;:&quot;0&quot;}\" data-image-title=\"Distillerie de Fontagard, France, Neuillac, Granch\u00e8re, Adrien Granch\u00e8re, alambic, charentais, chai, cognac, whisky Fran\u00e7ais, d\u00e9gustation , Paris, Matthieu Acar, Lilya Sekkal, Xavier Brevet, Matthieu Acar\" data-image-description=\"&lt;p&gt;Distillerie de Fontagard, France, Neuillac, Granch\u00e8re, Adrien Granch\u00e8re, alambic, charentais, chai, cognac, whisky Fran\u00e7ais, d\u00e9gustation , Paris, Matthieu Acar, Lilya Sekkal, Xavier Brevet, Matthieu Acar&lt;\/p&gt;\n\" data-image-caption=\"&lt;p&gt;Distillerie de Fontagard, France, Neuillac, Granch\u00e8re, Adrien Granch\u00e8re, alambic, charentais, chai, cognac, whisky Fran\u00e7ais, d\u00e9gustation , Paris, Matthieu Acar, Lilya Sekkal, Xavier Brevet, Matthieu Acar&lt;\/p&gt;\n\" data-medium-file=\"https:\/\/whisky-francais.com\/wp-content\/uploads\/2018\/11\/P1010442-min-300x169.jpg\" data-large-file=\"https:\/\/whisky-francais.com\/wp-content\/uploads\/2018\/11\/P1010442-min-1024x576.jpg\" class=\"wp-image-3867 size-full\" src=\"https:\/\/whisky-francais.com\/wp-content\/uploads\/2018\/11\/P1010442-min.jpg\" alt=\"\" width=\"4608\" height=\"2592\" srcset=\"https:\/\/whisky-francais.com\/wp-content\/uploads\/2018\/11\/P1010442-min.jpg 4608w, https:\/\/whisky-francais.com\/wp-content\/uploads\/2018\/11\/P1010442-min-300x169.jpg 300w, https:\/\/whisky-francais.com\/wp-content\/uploads\/2018\/11\/P1010442-min-768x432.jpg 768w, https:\/\/whisky-francais.com\/wp-content\/uploads\/2018\/11\/P1010442-min-1024x576.jpg 1024w\" sizes=\"(max-width: 4608px) 100vw, 4608px\" \/><figcaption id=\"caption-attachment-3867\" class=\"wp-caption-text\">De g. \u00e0 d. : Jean Yves, David et Adrien &#8211; Au sein de la distillerie. <em>Cr\u00e9dit Photo: Kenji Meunier.<\/em><\/figcaption><\/figure>\n<figure id=\"attachment_3863\" aria-describedby=\"caption-attachment-3863\" style=\"width: 1920px\" class=\"wp-caption aligncenter\"><img loading=\"lazy\" decoding=\"async\" data-attachment-id=\"3863\" data-permalink=\"https:\/\/whisky-francais.com\/index.php\/distilleries\/distillerie-de-fontagard\/p1010469-min\/\" data-orig-file=\"https:\/\/whisky-francais.com\/wp-content\/uploads\/2018\/11\/P1010469-min.jpg\" data-orig-size=\"1920,1080\" data-comments-opened=\"0\" data-image-meta=\"{&quot;aperture&quot;:&quot;0&quot;,&quot;credit&quot;:&quot;&quot;,&quot;camera&quot;:&quot;&quot;,&quot;caption&quot;:&quot;&quot;,&quot;created_timestamp&quot;:&quot;0&quot;,&quot;copyright&quot;:&quot;&quot;,&quot;focal_length&quot;:&quot;0&quot;,&quot;iso&quot;:&quot;0&quot;,&quot;shutter_speed&quot;:&quot;0&quot;,&quot;title&quot;:&quot;&quot;,&quot;orientation&quot;:&quot;0&quot;}\" data-image-title=\"Distillerie de Fontagard, France, Neuillac, Granch\u00e8re, Adrien Granch\u00e8re, alambic, charentais, chai, cognac, whisky Fran\u00e7ais, d\u00e9gustation , Paris, Matthieu Acar, Lilya Sekkal, Xavier Brevet, Matthieu Acar\" data-image-description=\"&lt;p&gt;Distillerie de Fontagard, France, Neuillac, Granch\u00e8re, Adrien Granch\u00e8re, alambic, charentais, chai, cognac, whisky Fran\u00e7ais, d\u00e9gustation , Paris, Matthieu Acar, Lilya Sekkal, Xavier Brevet, Matthieu Acar&lt;\/p&gt;\n\" data-image-caption=\"&lt;p&gt;Distillerie de Fontagard, France, Neuillac, Granch\u00e8re, Adrien Granch\u00e8re, alambic, charentais, chai, cognac, whisky Fran\u00e7ais, d\u00e9gustation , Paris, Matthieu Acar, Lilya Sekkal, Xavier Brevet, Matthieu Acar&lt;\/p&gt;\n\" data-medium-file=\"https:\/\/whisky-francais.com\/wp-content\/uploads\/2018\/11\/P1010469-min-300x169.jpg\" data-large-file=\"https:\/\/whisky-francais.com\/wp-content\/uploads\/2018\/11\/P1010469-min-1024x576.jpg\" class=\"wp-image-3863 size-full\" src=\"https:\/\/whisky-francais.com\/wp-content\/uploads\/2018\/11\/P1010469-min.jpg\" alt=\"\" width=\"1920\" height=\"1080\" srcset=\"https:\/\/whisky-francais.com\/wp-content\/uploads\/2018\/11\/P1010469-min.jpg 1920w, https:\/\/whisky-francais.com\/wp-content\/uploads\/2018\/11\/P1010469-min-300x169.jpg 300w, https:\/\/whisky-francais.com\/wp-content\/uploads\/2018\/11\/P1010469-min-768x432.jpg 768w, https:\/\/whisky-francais.com\/wp-content\/uploads\/2018\/11\/P1010469-min-1024x576.jpg 1024w\" sizes=\"(max-width: 1920px) 100vw, 1920px\" \/><figcaption id=\"caption-attachment-3863\" class=\"wp-caption-text\">\u00ab<em> La petite chaudie\u0300re est la meilleure pour la production de whisky. \u00bb A. G.<\/em> &#8211; La Petite Chaudi\u00e8re &#8211; <em>Cr\u00e9dit Photo: Kenji Meunier.<\/em><\/figcaption><\/figure>\n<figure id=\"attachment_3860\" aria-describedby=\"caption-attachment-3860\" style=\"width: 4608px\" class=\"wp-caption aligncenter\"><img loading=\"lazy\" decoding=\"async\" data-attachment-id=\"3860\" data-permalink=\"https:\/\/whisky-francais.com\/index.php\/distilleries\/distillerie-de-fontagard\/p1010527-min\/\" data-orig-file=\"https:\/\/whisky-francais.com\/wp-content\/uploads\/2018\/11\/P1010527-min.jpg\" data-orig-size=\"4608,2592\" data-comments-opened=\"0\" data-image-meta=\"{&quot;aperture&quot;:&quot;0&quot;,&quot;credit&quot;:&quot;&quot;,&quot;camera&quot;:&quot;&quot;,&quot;caption&quot;:&quot;&quot;,&quot;created_timestamp&quot;:&quot;0&quot;,&quot;copyright&quot;:&quot;&quot;,&quot;focal_length&quot;:&quot;0&quot;,&quot;iso&quot;:&quot;0&quot;,&quot;shutter_speed&quot;:&quot;0&quot;,&quot;title&quot;:&quot;&quot;,&quot;orientation&quot;:&quot;0&quot;}\" data-image-title=\"Distillerie de Fontagard, France, Neuillac, Granch\u00e8re, Adrien Granch\u00e8re, alambic, charentais, chai, cognac, whisky Fran\u00e7ais, d\u00e9gustation , Paris, Matthieu Acar, Lilya Sekkal, Xavier Brevet, Matthieu Acar\" data-image-description=\"&lt;p&gt;Distillerie de Fontagard, France, Neuillac, Granch\u00e8re, Adrien Granch\u00e8re, alambic, charentais, chai, cognac, whisky Fran\u00e7ais, d\u00e9gustation , Paris, Matthieu Acar, Lilya Sekkal, Xavier Brevet, Matthieu Acar&lt;\/p&gt;\n\" data-image-caption=\"&lt;p&gt;Distillerie de Fontagard, France, Neuillac, Granch\u00e8re, Adrien Granch\u00e8re, alambic, charentais, chai, cognac, whisky Fran\u00e7ais, d\u00e9gustation , Paris, Matthieu Acar, Lilya Sekkal, Xavier Brevet, Matthieu Acar&lt;\/p&gt;\n\" data-medium-file=\"https:\/\/whisky-francais.com\/wp-content\/uploads\/2018\/11\/P1010527-min-300x169.jpg\" data-large-file=\"https:\/\/whisky-francais.com\/wp-content\/uploads\/2018\/11\/P1010527-min-1024x576.jpg\" class=\"wp-image-3860 size-full\" src=\"https:\/\/whisky-francais.com\/wp-content\/uploads\/2018\/11\/P1010527-min.jpg\" alt=\"\" width=\"4608\" height=\"2592\" srcset=\"https:\/\/whisky-francais.com\/wp-content\/uploads\/2018\/11\/P1010527-min.jpg 4608w, https:\/\/whisky-francais.com\/wp-content\/uploads\/2018\/11\/P1010527-min-300x169.jpg 300w, https:\/\/whisky-francais.com\/wp-content\/uploads\/2018\/11\/P1010527-min-768x432.jpg 768w, https:\/\/whisky-francais.com\/wp-content\/uploads\/2018\/11\/P1010527-min-1024x576.jpg 1024w\" sizes=\"(max-width: 4608px) 100vw, 4608px\" \/><figcaption id=\"caption-attachment-3860\" class=\"wp-caption-text\">Dans les chais ! <em>Cr\u00e9dit Photo: Kenji Meunier.<\/em><\/figcaption><\/figure>\n<figure id=\"attachment_3868\" aria-describedby=\"caption-attachment-3868\" style=\"width: 4608px\" class=\"wp-caption aligncenter\"><img loading=\"lazy\" decoding=\"async\" data-attachment-id=\"3868\" data-permalink=\"https:\/\/whisky-francais.com\/index.php\/distilleries\/distillerie-de-fontagard\/p1010545-min\/\" data-orig-file=\"https:\/\/whisky-francais.com\/wp-content\/uploads\/2018\/11\/P1010545-min.jpg\" data-orig-size=\"4608,2592\" data-comments-opened=\"0\" data-image-meta=\"{&quot;aperture&quot;:&quot;0&quot;,&quot;credit&quot;:&quot;&quot;,&quot;camera&quot;:&quot;&quot;,&quot;caption&quot;:&quot;&quot;,&quot;created_timestamp&quot;:&quot;0&quot;,&quot;copyright&quot;:&quot;&quot;,&quot;focal_length&quot;:&quot;0&quot;,&quot;iso&quot;:&quot;0&quot;,&quot;shutter_speed&quot;:&quot;0&quot;,&quot;title&quot;:&quot;&quot;,&quot;orientation&quot;:&quot;0&quot;}\" data-image-title=\"Distillerie de Fontagard, France, Neuillac, Granch\u00e8re, Adrien Granch\u00e8re, alambic, charentais, chai, cognac, whisky Fran\u00e7ais, d\u00e9gustation , Paris, Matthieu Acar, Lilya Sekkal, Xavier Brevet, Matthieu Acar\" data-image-description=\"&lt;p&gt;Distillerie de Fontagard, France, Neuillac, Granch\u00e8re, Adrien Granch\u00e8re, alambic, charentais, chai, cognac, whisky Fran\u00e7ais, d\u00e9gustation , Paris, Matthieu Acar, Lilya Sekkal, Xavier Brevet, Matthieu Acar&lt;\/p&gt;\n\" data-image-caption=\"&lt;p&gt;Distillerie de Fontagard, France, Neuillac, Granch\u00e8re, Adrien Granch\u00e8re, alambic, charentais, chai, cognac, whisky Fran\u00e7ais, d\u00e9gustation , Paris, Matthieu Acar, Lilya Sekkal, Xavier Brevet, Matthieu Acar&lt;\/p&gt;\n\" data-medium-file=\"https:\/\/whisky-francais.com\/wp-content\/uploads\/2018\/11\/P1010545-min-300x169.jpg\" data-large-file=\"https:\/\/whisky-francais.com\/wp-content\/uploads\/2018\/11\/P1010545-min-1024x576.jpg\" class=\"wp-image-3868 size-full\" src=\"https:\/\/whisky-francais.com\/wp-content\/uploads\/2018\/11\/P1010545-min.jpg\" alt=\"\" width=\"4608\" height=\"2592\" srcset=\"https:\/\/whisky-francais.com\/wp-content\/uploads\/2018\/11\/P1010545-min.jpg 4608w, https:\/\/whisky-francais.com\/wp-content\/uploads\/2018\/11\/P1010545-min-300x169.jpg 300w, https:\/\/whisky-francais.com\/wp-content\/uploads\/2018\/11\/P1010545-min-768x432.jpg 768w, https:\/\/whisky-francais.com\/wp-content\/uploads\/2018\/11\/P1010545-min-1024x576.jpg 1024w\" sizes=\"(max-width: 4608px) 100vw, 4608px\" \/><figcaption id=\"caption-attachment-3868\" class=\"wp-caption-text\">Dans les chais ! <em>Cr\u00e9dit Photo: Kenji Meunier.<\/em><\/figcaption><\/figure>\n<figure id=\"attachment_3862\" aria-describedby=\"caption-attachment-3862\" style=\"width: 4608px\" class=\"wp-caption aligncenter\"><img loading=\"lazy\" decoding=\"async\" data-attachment-id=\"3862\" data-permalink=\"https:\/\/whisky-francais.com\/index.php\/distilleries\/distillerie-de-fontagard\/p1010535-min\/\" data-orig-file=\"https:\/\/whisky-francais.com\/wp-content\/uploads\/2018\/11\/P1010535-min.jpg\" data-orig-size=\"4608,2592\" data-comments-opened=\"0\" data-image-meta=\"{&quot;aperture&quot;:&quot;0&quot;,&quot;credit&quot;:&quot;&quot;,&quot;camera&quot;:&quot;&quot;,&quot;caption&quot;:&quot;&quot;,&quot;created_timestamp&quot;:&quot;0&quot;,&quot;copyright&quot;:&quot;&quot;,&quot;focal_length&quot;:&quot;0&quot;,&quot;iso&quot;:&quot;0&quot;,&quot;shutter_speed&quot;:&quot;0&quot;,&quot;title&quot;:&quot;&quot;,&quot;orientation&quot;:&quot;0&quot;}\" data-image-title=\"Distillerie de Fontagard, France, Neuillac, Granch\u00e8re, Adrien Granch\u00e8re, alambic, charentais, chai, cognac, whisky Fran\u00e7ais, d\u00e9gustation , Paris, Matthieu Acar, Lilya Sekkal, Xavier Brevet, Matthieu Acar\" data-image-description=\"&lt;p&gt;Distillerie de Fontagard, France, Neuillac, Granch\u00e8re, Adrien Granch\u00e8re, alambic, charentais, chai, cognac, whisky Fran\u00e7ais, d\u00e9gustation , Paris, Matthieu Acar, Lilya Sekkal, Xavier Brevet, Matthieu Acar&lt;\/p&gt;\n\" data-image-caption=\"&lt;p&gt;Distillerie de Fontagard, France, Neuillac, Granch\u00e8re, Adrien Granch\u00e8re, alambic, charentais, chai, cognac, whisky Fran\u00e7ais, d\u00e9gustation , Paris, Matthieu Acar, Lilya Sekkal, Xavier Brevet, Matthieu Acar&lt;\/p&gt;\n\" data-medium-file=\"https:\/\/whisky-francais.com\/wp-content\/uploads\/2018\/11\/P1010535-min-300x169.jpg\" data-large-file=\"https:\/\/whisky-francais.com\/wp-content\/uploads\/2018\/11\/P1010535-min-1024x576.jpg\" class=\"wp-image-3862 size-full\" src=\"https:\/\/whisky-francais.com\/wp-content\/uploads\/2018\/11\/P1010535-min.jpg\" alt=\"\" width=\"4608\" height=\"2592\" srcset=\"https:\/\/whisky-francais.com\/wp-content\/uploads\/2018\/11\/P1010535-min.jpg 4608w, https:\/\/whisky-francais.com\/wp-content\/uploads\/2018\/11\/P1010535-min-300x169.jpg 300w, https:\/\/whisky-francais.com\/wp-content\/uploads\/2018\/11\/P1010535-min-768x432.jpg 768w, https:\/\/whisky-francais.com\/wp-content\/uploads\/2018\/11\/P1010535-min-1024x576.jpg 1024w\" sizes=\"(max-width: 4608px) 100vw, 4608px\" \/><figcaption id=\"caption-attachment-3862\" class=\"wp-caption-text\">Dans les chais ! &#8211; D\u00e9gustation. <em>Cr\u00e9dit Photo: Kenji Meunier.<\/em><\/figcaption><\/figure>\n<figure id=\"attachment_3864\" aria-describedby=\"caption-attachment-3864\" style=\"width: 4608px\" class=\"wp-caption aligncenter\"><img loading=\"lazy\" decoding=\"async\" data-attachment-id=\"3864\" data-permalink=\"https:\/\/whisky-francais.com\/index.php\/distilleries\/distillerie-de-fontagard\/p1010551-min\/\" data-orig-file=\"https:\/\/whisky-francais.com\/wp-content\/uploads\/2018\/11\/P1010551-min.jpg\" data-orig-size=\"4608,2592\" data-comments-opened=\"0\" data-image-meta=\"{&quot;aperture&quot;:&quot;0&quot;,&quot;credit&quot;:&quot;&quot;,&quot;camera&quot;:&quot;&quot;,&quot;caption&quot;:&quot;&quot;,&quot;created_timestamp&quot;:&quot;0&quot;,&quot;copyright&quot;:&quot;&quot;,&quot;focal_length&quot;:&quot;0&quot;,&quot;iso&quot;:&quot;0&quot;,&quot;shutter_speed&quot;:&quot;0&quot;,&quot;title&quot;:&quot;&quot;,&quot;orientation&quot;:&quot;0&quot;}\" data-image-title=\"Distillerie de Fontagard, France, Neuillac, Granch\u00e8re, Adrien Granch\u00e8re, alambic, charentais, chai, cognac, whisky Fran\u00e7ais, d\u00e9gustation , Paris, Matthieu Acar, Lilya Sekkal, Xavier Brevet, Matthieu Acar\" data-image-description=\"&lt;p&gt;Distillerie de Fontagard, France, Neuillac, Granch\u00e8re, Adrien Granch\u00e8re, alambic, charentais, chai, cognac, whisky Fran\u00e7ais, d\u00e9gustation , Paris, Matthieu Acar, Lilya Sekkal, Xavier Brevet, Matthieu Acar&lt;\/p&gt;\n\" data-image-caption=\"&lt;p&gt;Distillerie de Fontagard, France, Neuillac, Granch\u00e8re, Adrien Granch\u00e8re, alambic, charentais, chai, cognac, whisky Fran\u00e7ais, d\u00e9gustation , Paris, Matthieu Acar, Lilya Sekkal, Xavier Brevet, Matthieu Acar&lt;\/p&gt;\n\" data-medium-file=\"https:\/\/whisky-francais.com\/wp-content\/uploads\/2018\/11\/P1010551-min-300x169.jpg\" data-large-file=\"https:\/\/whisky-francais.com\/wp-content\/uploads\/2018\/11\/P1010551-min-1024x576.jpg\" class=\"wp-image-3864 size-full\" src=\"https:\/\/whisky-francais.com\/wp-content\/uploads\/2018\/11\/P1010551-min.jpg\" alt=\"\" width=\"4608\" height=\"2592\" srcset=\"https:\/\/whisky-francais.com\/wp-content\/uploads\/2018\/11\/P1010551-min.jpg 4608w, https:\/\/whisky-francais.com\/wp-content\/uploads\/2018\/11\/P1010551-min-300x169.jpg 300w, https:\/\/whisky-francais.com\/wp-content\/uploads\/2018\/11\/P1010551-min-768x432.jpg 768w, https:\/\/whisky-francais.com\/wp-content\/uploads\/2018\/11\/P1010551-min-1024x576.jpg 1024w\" sizes=\"(max-width: 4608px) 100vw, 4608px\" \/><figcaption id=\"caption-attachment-3864\" class=\"wp-caption-text\">Dans les chais ! &#8211; D\u00e9gustation.\u00a0<em>Cr\u00e9dit Photo: Kenji Meunier.<\/em><\/figcaption><\/figure>\n<p><img loading=\"lazy\" decoding=\"async\" data-attachment-id=\"3865\" data-permalink=\"https:\/\/whisky-francais.com\/index.php\/distilleries\/distillerie-de-fontagard\/p1010558-1\/\" data-orig-file=\"https:\/\/whisky-francais.com\/wp-content\/uploads\/2018\/11\/P1010558-1.jpg\" data-orig-size=\"1920,1080\" data-comments-opened=\"0\" data-image-meta=\"{&quot;aperture&quot;:&quot;7.1&quot;,&quot;credit&quot;:&quot;&quot;,&quot;camera&quot;:&quot;DMC-GH4&quot;,&quot;caption&quot;:&quot;&quot;,&quot;created_timestamp&quot;:&quot;1540292552&quot;,&quot;copyright&quot;:&quot;&quot;,&quot;focal_length&quot;:&quot;14&quot;,&quot;iso&quot;:&quot;200&quot;,&quot;shutter_speed&quot;:&quot;0.002&quot;,&quot;title&quot;:&quot;&quot;,&quot;orientation&quot;:&quot;1&quot;}\" data-image-title=\"Distillerie de Fontagard, France, Neuillac, Granch\u00e8re, Adrien Granch\u00e8re, alambic, charentais, chai, cognac, whisky Fran\u00e7ais, d\u00e9gustation , Paris, Matthieu Acar, Lilya Sekkal, Xavier Brevet, Matthieu Acar\" data-image-description=\"&lt;p&gt;Distillerie de Fontagard, France, Neuillac, Granch\u00e8re, Adrien Granch\u00e8re, alambic, charentais, chai, cognac, whisky Fran\u00e7ais, d\u00e9gustation , Paris, Matthieu Acar, Lilya Sekkal, Xavier Brevet, Matthieu Acar&lt;\/p&gt;\n\" data-image-caption=\"&lt;p&gt;Distillerie de Fontagard, France, Neuillac, Granch\u00e8re, Adrien Granch\u00e8re, alambic, charentais, chai, cognac, whisky Fran\u00e7ais, d\u00e9gustation , Paris, Matthieu Acar, Lilya Sekkal, Xavier Brevet, Matthieu Acar&lt;\/p&gt;\n\" data-medium-file=\"https:\/\/whisky-francais.com\/wp-content\/uploads\/2018\/11\/P1010558-1-300x169.jpg\" data-large-file=\"https:\/\/whisky-francais.com\/wp-content\/uploads\/2018\/11\/P1010558-1-1024x576.jpg\" class=\"aligncenter wp-image-3865 size-full\" src=\"https:\/\/whisky-francais.com\/wp-content\/uploads\/2018\/11\/P1010558-1.jpg\" alt=\"\" width=\"1920\" height=\"1080\" srcset=\"https:\/\/whisky-francais.com\/wp-content\/uploads\/2018\/11\/P1010558-1.jpg 1920w, https:\/\/whisky-francais.com\/wp-content\/uploads\/2018\/11\/P1010558-1-300x169.jpg 300w, https:\/\/whisky-francais.com\/wp-content\/uploads\/2018\/11\/P1010558-1-768x432.jpg 768w, https:\/\/whisky-francais.com\/wp-content\/uploads\/2018\/11\/P1010558-1-1024x576.jpg 1024w\" sizes=\"(max-width: 1920px) 100vw, 1920px\" \/><\/p>\n<\/div>\n<\/div>\n<\/div>\n","protected":false},"excerpt":{"rendered":"<p>La distillerie de Fontagard est l\u2019\u0153uvre de 4 ge\u0301ne\u0301rations de bouilleurs de profession. Son travail, re\u0301solument axe\u0301 sur la mise<\/p>\n","protected":false},"author":2,"featured_media":3870,"parent":56,"menu_order":0,"comment_status":"closed","ping_status":"closed","template":"","meta":{"jetpack_post_was_ever_published":false,"footnotes":""},"class_list":["post-3855","page","type-page","status-publish","has-post-thumbnail","hentry"],"jetpack_sharing_enabled":true,"jetpack_shortlink":"https:\/\/wp.me\/P8oZPa-10b","jetpack-related-posts":[{"id":8066,"url":"https:\/\/whisky-francais.com\/index.php\/palmares-des-whiskies-francais-2025\/","url_meta":{"origin":3855,"position":0},"title":"Palmar\u00e8s des whiskies fran\u00e7ais 2025","date":"26 septembre 2025","format":false,"excerpt":"\u00a0 \ud83d\udc8e Diamond Alfred GIRAUD French Malt Whisky \u2013 Harmonie \u2013 Blended Malt Yeun Elez \u2013 F\u00fbt N\u00b03702 \u2013 Single Cask Single Malt Coperies \u2013 Les Brumes \u2013 Single Malt T.O.S Distillerie \u2013 Artesia Double Maturation \u2013 Small Batch Single Malt La Piautre \u2013 Empreinte \u2013 Small Batch Single Malt\u2026","rel":"","context":"Article similaire","img":{"alt_text":"","src":"https:\/\/i0.wp.com\/whisky-francais.com\/wp-content\/uploads\/2025\/09\/DSC_3867.jpg?resize=350%2C200&ssl=1","width":350,"height":200},"classes":[]},{"id":56,"url":"https:\/\/whisky-francais.com\/index.php\/distilleries\/","url_meta":{"origin":3855,"position":1},"title":"Producteurs \/ Distilleries","date":"11 f\u00e9vrier 2017","format":false,"excerpt":"Auvergne-Rh\u00f4ne-Alpes Distillerie du Drac Distillerie des Bughes Distillerie du Vercors Domaine des Hautes Glaces Distillerie des Hautes Terres AlpSpirits (ferm\u00e9e) Monsieur Balthazar Mont Blanc Ninkasi O\u2019Baptiste (Ne produit plus de whisky) Bourgogne-Franche-Comt\u00e9 Br\u00fblerie du Revermont Michel Couvreur Rouget de Lisle Bretagne La Bambelle Distillerie des Menhirs Distillerie FDC (Bale Bro)\u2026","rel":"","context":"Article similaire","img":{"alt_text":"","src":"","width":0,"height":0},"classes":[]},{"id":7500,"url":"https:\/\/whisky-francais.com\/index.php\/brasserie-artisanale-des-2-caps-christophe-noyon-brasseur\/","url_meta":{"origin":3855,"position":2},"title":"Brasserie Artisanale des 2 Caps\u00a0 &#8211; Christophe noyon Brasseur","date":"14 septembre 2024","format":false,"excerpt":"\u00a0 Statut En production Localisation \u00a0 Volume de Production Environ 3000 bouteilles par an. Dates Cl\u00e9s 1946 : Le Grand-p\u00e8re de Christophe Noyon, Michel Noyon, monte une distillerie d\u2019alcool de Betterave au c\u0153ur de sa propri\u00e9t\u00e9, le Domaine de Warcove, situ\u00e9e sur la C\u00f4te d\u2019Opale. Le mat\u00e9riel avait \u00e9t\u00e9 achet\u00e9\u2026","rel":"","context":"Article similaire","img":{"alt_text":"","src":"https:\/\/i0.wp.com\/whisky-francais.com\/wp-content\/uploads\/2024\/09\/tableau-2caps-scaled-warcove-whisky-francais.jpg?resize=350%2C200&ssl=1","width":350,"height":200},"classes":[]},{"id":6842,"url":"https:\/\/whisky-francais.com\/index.php\/distillerie-la-salamandre\/","url_meta":{"origin":3855,"position":3},"title":"Distillerie la Salamandre","date":"9 septembre 2023","format":false,"excerpt":"Situ\u00e9 au c\u0153ur du P\u00e9rigord noir, la distillerie de la Salamandre tire son nom de l'embl\u00e8me de la ville de Sarlat-la-Can\u00e9da ou elle est install\u00e9e. D'abord r\u00e9put\u00e9 pour ses eaux de vie de fruits, la distillerie utilise d\u00e9sormais ses deux alambics \u00e0 vases pour produire un whisky qui est le\u2026","rel":"","context":"Article similaire","img":{"alt_text":"","src":"https:\/\/i0.wp.com\/whisky-francais.com\/wp-content\/uploads\/2023\/09\/distillerie-de-la-salamandre-whisky-francais-batiment.jpg?resize=350%2C200&ssl=1","width":350,"height":200},"classes":[]},{"id":2670,"url":"https:\/\/whisky-francais.com\/index.php\/distilleries\/les-bughes\/","url_meta":{"origin":3855,"position":4},"title":"Distillerie des Bughes","date":"7 septembre 2017","format":false,"excerpt":"C'est dans une ambiance rappelant celle des distillations clandestines r\u00e9alis\u00e9es du temps de la Prohibition que les fr\u00e8res Mayoux ont imagin\u00e9 la Distillerie des Bughes. Sans h\u00e9ritage ni tradition familiale pour ce qui est de la distillation, c'est leur seule passion qui a guid\u00e9 ces deux fr\u00e8res \u00e0 exp\u00e9rimenter jusqu'\u00e0\u2026","rel":"","context":"Article similaire","img":{"alt_text":"Distillerie des Bughes, Solignac-sur-Loire, ch\u00eane Fran\u00e7ais, B\u00e9renger Mayoux, Pierre-Henri Mayoux, Le R\u00e9seau Entreprendre Auvergne, malt d'orge, tourbe, tourbi\u00e8re, tourb\u00e9, Home Distillers Classic, Home Distillers Tradition, Mont Dev\u00e8s, Malterie du Ch\u00e2teau, pot still, cave humide, distillation \u00e0 repasse, tonnellerie du Pays d'Auge, whisky, Fran\u00e7ais, French, Whisky, France, Matthieu Acar, Xavier Brevet, Lilya Sekkal, d\u00e9gustation, whisky, acad\u00e9mie, masterclass, Paris, atelier, d\u00e9gustation, whisky","src":"https:\/\/i0.wp.com\/whisky-francais.com\/wp-content\/uploads\/2017\/09\/P1010701-min.jpg?resize=350%2C200&ssl=1","width":350,"height":200},"classes":[]},{"id":713,"url":"https:\/\/whisky-francais.com\/index.php\/distilleries\/claeyssens\/","url_meta":{"origin":3855,"position":5},"title":"Claeyssens","date":"28 mars 2017","format":false,"excerpt":"C'est du haut de ses 200 ans d'existence que la distillerie Claeyssens s'est lanc\u00e9e dans la confection de whisky au cours des ann\u00e9es 2000. Forte d'un savoir-faire s\u00e9culaire, cette institution est un monument d'histoire nous rappelant la grande \u00e9poque de la distillation dans le Nord de la France. Statut Produit\u2026","rel":"","context":"Article similaire","img":{"alt_text":"Matthieu Acar, Xavier Brevet, Lilya Sekkal, d\u00e9gustation, whisky, acad\u00e9mie, masterclass, Paris, atelier, d\u00e9gustation, whisky","src":"https:\/\/i0.wp.com\/whisky-francais.com\/wp-content\/uploads\/2017\/03\/CLAEYSSENSFONTAINE.jpg?resize=350%2C200&ssl=1","width":350,"height":200},"classes":[]}],"_links":{"self":[{"href":"https:\/\/whisky-francais.com\/index.php\/wp-json\/wp\/v2\/pages\/3855"}],"collection":[{"href":"https:\/\/whisky-francais.com\/index.php\/wp-json\/wp\/v2\/pages"}],"about":[{"href":"https:\/\/whisky-francais.com\/index.php\/wp-json\/wp\/v2\/types\/page"}],"author":[{"embeddable":true,"href":"https:\/\/whisky-francais.com\/index.php\/wp-json\/wp\/v2\/users\/2"}],"replies":[{"embeddable":true,"href":"https:\/\/whisky-francais.com\/index.php\/wp-json\/wp\/v2\/comments?post=3855"}],"version-history":[{"count":5,"href":"https:\/\/whisky-francais.com\/index.php\/wp-json\/wp\/v2\/pages\/3855\/revisions"}],"predecessor-version":[{"id":7975,"href":"https:\/\/whisky-francais.com\/index.php\/wp-json\/wp\/v2\/pages\/3855\/revisions\/7975"}],"up":[{"embeddable":true,"href":"https:\/\/whisky-francais.com\/index.php\/wp-json\/wp\/v2\/pages\/56"}],"wp:featuredmedia":[{"embeddable":true,"href":"https:\/\/whisky-francais.com\/index.php\/wp-json\/wp\/v2\/media\/3870"}],"wp:attachment":[{"href":"https:\/\/whisky-francais.com\/index.php\/wp-json\/wp\/v2\/media?parent=3855"}],"curies":[{"name":"wp","href":"https:\/\/api.w.org\/{rel}","templated":true}]}}